{"id":9339,"date":"2026-09-01T13:26:22","date_gmt":"2026-09-01T11:26:22","guid":{"rendered":"https:\/\/dnvimatis.com\/se\/?post_type=portfolio&#038;p=9339"},"modified":"2026-09-01T15:19:34","modified_gmt":"2026-09-01T13:19:34","slug":"region-varmland-bygger-bort-vardens-informationsglapp","status":"publish","type":"portfolio","link":"https:\/\/dnvimatis.com\/se\/portfolio\/region-varmland-bygger-bort-vardens-informationsglapp\/","title":{"rendered":"Region V\u00e4rmland"},"content":{"rendered":"\t\t<div data-elementor-type=\"wp-post\" data-elementor-id=\"9339\" class=\"elementor elementor-9339\" data-elementor-post-type=\"portfolio\">\n\t\t\t\t\t\t<section class=\"elementor-section elementor-top-section elementor-element elementor-element-b55d19b elementor-section-boxed elementor-section-height-default elementor-section-height-default\" data-id=\"b55d19b\" data-element_type=\"section\" data-e-type=\"section\" data-settings=\"{&quot;jet_parallax_layout_list&quot;:[]}\">\n\t\t\t\t\t\t<div class=\"elementor-container elementor-column-gap-wider\">\n\t\t\t\t\t<div class=\"elementor-column elementor-col-100 elementor-top-column elementor-element elementor-element-e04354a\" data-id=\"e04354a\" data-element_type=\"column\" data-e-type=\"column\">\n\t\t\t<div class=\"elementor-widget-wrap elementor-element-populated\">\n\t\t\t\t\t\t<div class=\"elementor-element elementor-element-b1368b3 elementor-widget elementor-widget-heading\" data-id=\"b1368b3\" data-element_type=\"widget\" data-e-type=\"widget\" data-widget_type=\"heading.default\">\n\t\t\t\t<div class=\"elementor-widget-container\">\n\t\t\t\t\t<h2 class=\"elementor-heading-title elementor-size-default\">Bygger bort v\u00e5rdens informationsglapp<\/h2>\t\t\t\t<\/div>\n\t\t\t\t<\/div>\n\t\t\t\t<div class=\"elementor-element elementor-element-6eefd82 elementor-widget elementor-widget-text-editor\" data-id=\"6eefd82\" data-element_type=\"widget\" data-e-type=\"widget\" data-widget_type=\"text-editor.default\">\n\t\t\t\t<div class=\"elementor-widget-container\">\n\t\t\t\t\t\t\t\t\t<p>N\u00e4r v\u00e5rden ska bli mer tillg\u00e4nglig, personcentrerad och sammanh\u00e5llen blir de interna fl\u00f6dena en strategisk fr\u00e5ga. Region V\u00e4rmland har d\u00e4rf\u00f6r digitaliserat uppgiftsfl\u00f6det f\u00f6r patienttransporter och intern logistik, f\u00f6r att skapa b\u00e4ttre \u00f6verblick, tydligare ansvar och b\u00e4ttre samordning i det dagliga arbetet.<\/p><p><em>\u201dN\u00e4r v\u00e5rdens interna fl\u00f6den fungerar b\u00e4ttre skapas b\u00e4ttre f\u00f6ruts\u00e4ttningar f\u00f6r hela patientresan\u201d<\/em>, s\u00e4ger Bj\u00f8rn Olav Nyg\u00e5rd, F\u00f6rs\u00e4ljning i Sverige, DNV Imatis.<\/p>\t\t\t\t\t\t\t\t<\/div>\n\t\t\t\t<\/div>\n\t\t\t\t\t<\/div>\n\t\t<\/div>\n\t\t\t\t\t<\/div>\n\t\t<\/section>\n\t\t\t\t<section class=\"elementor-section elementor-top-section elementor-element elementor-element-4437966 elementor-section-boxed elementor-section-height-default elementor-section-height-default\" data-id=\"4437966\" data-element_type=\"section\" data-e-type=\"section\" data-settings=\"{&quot;jet_parallax_layout_list&quot;:[]}\">\n\t\t\t\t\t\t<div class=\"elementor-container elementor-column-gap-default\">\n\t\t\t\t\t<div class=\"elementor-column elementor-col-100 elementor-top-column elementor-element elementor-element-11f181b\" data-id=\"11f181b\" data-element_type=\"column\" data-e-type=\"column\">\n\t\t\t<div class=\"elementor-widget-wrap elementor-element-populated\">\n\t\t\t\t\t\t<section class=\"elementor-section elementor-inner-section elementor-element elementor-element-966f157 elementor-section-boxed elementor-section-height-default elementor-section-height-default\" data-id=\"966f157\" data-element_type=\"section\" data-e-type=\"section\" data-settings=\"{&quot;jet_parallax_layout_list&quot;:[]}\">\n\t\t\t\t\t\t<div class=\"elementor-container elementor-column-gap-default\">\n\t\t\t\t\t<div class=\"elementor-column elementor-col-50 elementor-inner-column elementor-element elementor-element-a82eafe\" data-id=\"a82eafe\" data-element_type=\"column\" data-e-type=\"column\">\n\t\t\t<div class=\"elementor-widget-wrap elementor-element-populated\">\n\t\t\t\t\t\t<div class=\"elementor-element elementor-element-53a28c4 elementor-widget elementor-widget-image\" data-id=\"53a28c4\" data-element_type=\"widget\" data-e-type=\"widget\" data-widget_type=\"image.default\">\n\t\t\t\t<div class=\"elementor-widget-container\">\n\t\t\t\t\t\t\t\t\t\t\t\t\t\t\t<img decoding=\"async\" src=\"https:\/\/dnvimatis.com\/se\/wp-content\/uploads\/sites\/4\/elementor\/thumbs\/HMS08151-web-1-rsribvuing5xr5zemulnh04x5ud53b3neg3y5zeefo.jpg\" title=\"HMS08151-web\" alt=\"Patienttransport i sjukhuskorridor med patient p\u00e5 s\u00e4ng och transportpersonal.\" loading=\"lazy\" \/>\t\t\t\t\t\t\t\t\t\t\t\t\t\t\t<\/div>\n\t\t\t\t<\/div>\n\t\t\t\t\t<\/div>\n\t\t<\/div>\n\t\t\t\t<div class=\"elementor-column elementor-col-50 elementor-inner-column elementor-element elementor-element-b6b354f\" data-id=\"b6b354f\" data-element_type=\"column\" data-e-type=\"column\">\n\t\t\t<div class=\"elementor-widget-wrap elementor-element-populated\">\n\t\t\t\t\t\t<div class=\"elementor-element elementor-element-c31d168 elementor-widget elementor-widget-heading\" data-id=\"c31d168\" data-element_type=\"widget\" data-e-type=\"widget\" data-widget_type=\"heading.default\">\n\t\t\t\t<div class=\"elementor-widget-container\">\n\t\t\t\t\t<h3 class=\"elementor-heading-title elementor-size-default\">Interna fl\u00f6den och patientresan<\/h3>\t\t\t\t<\/div>\n\t\t\t\t<\/div>\n\t\t\t\t<div class=\"elementor-element elementor-element-95b195d elementor-widget elementor-widget-text-editor\" data-id=\"95b195d\" data-element_type=\"widget\" data-e-type=\"widget\" data-widget_type=\"text-editor.default\">\n\t\t\t\t<div class=\"elementor-widget-container\">\n\t\t\t\t\t\t\t\t\t<p>Svensk h\u00e4lso- och sjukv\u00e5rd st\u00e5r inf\u00f6r en v\u00e4lk\u00e4nd men sv\u00e5r ekvation. Fler \u00e4ldre, \u00f6kade v\u00e5rdbehov, pressad kompetensf\u00f6rs\u00f6rjning och krav p\u00e5 ekonomisk h\u00e5llbarhet g\u00f6r att v\u00e5rden beh\u00f6ver skapa mer v\u00e4rde med de resurser som finns. F\u00f6r Region V\u00e4rmland handlar omst\u00e4llningen om att bygga en mer tillg\u00e4nglig och sammanh\u00e5llen v\u00e5rd. F\u00f6r att lyckas beh\u00f6ver information, resurser och ansvar f\u00f6lja patientens v\u00e4g genom v\u00e5rden.<\/p>\t\t\t\t\t\t\t\t<\/div>\n\t\t\t\t<\/div>\n\t\t\t\t<div class=\"elementor-element elementor-element-83e2a02 elementor-hidden-tablet elementor-widget elementor-widget-text-editor\" data-id=\"83e2a02\" data-element_type=\"widget\" data-e-type=\"widget\" data-widget_type=\"text-editor.default\">\n\t\t\t\t<div class=\"elementor-widget-container\">\n\t\t\t\t\t\t\t\t\t<p>\u2013 <em>I praktiken inneb\u00e4r det en stor operativ utmaning. Det som ofta bromsar utvecklingen \u00e4r inte viljan att samverka, utan att information, ansvar och arbetsfl\u00f6den inte h\u00e4nger ihop tillr\u00e4ckligt v\u00e4l. D\u00e4rf\u00f6r valde vi att digitalisera uppgiftsfl\u00f6det f\u00f6r patienttransporter och intern logistik<\/em>, s\u00e4ger Anders Olsson, enhetschef f\u00f6r patienttransporter, Region V\u00e4rmland.<\/p>\t\t\t\t\t\t\t\t<\/div>\n\t\t\t\t<\/div>\n\t\t\t\t\t<\/div>\n\t\t<\/div>\n\t\t\t\t\t<\/div>\n\t\t<\/section>\n\t\t\t\t<div class=\"elementor-element elementor-element-09671e7 elementor-hidden-desktop elementor-widget elementor-widget-text-editor\" data-id=\"09671e7\" data-element_type=\"widget\" data-e-type=\"widget\" data-widget_type=\"text-editor.default\">\n\t\t\t\t<div class=\"elementor-widget-container\">\n\t\t\t\t\t\t\t\t\t<p>\u2013 <em>I praktiken inneb\u00e4r det en stor operativ utmaning. Det som ofta bromsar utvecklingen \u00e4r inte viljan att samverka, utan att information, ansvar och arbetsfl\u00f6den inte h\u00e4nger ihop tillr\u00e4ckligt v\u00e4l. D\u00e4rf\u00f6r valde vi att digitalisera uppgiftsfl\u00f6det f\u00f6r patienttransporter och intern logistik<\/em>, s\u00e4ger Anders Olsson, enhetschef f\u00f6r patienttransporter, Region V\u00e4rmland.<\/p>\t\t\t\t\t\t\t\t<\/div>\n\t\t\t\t<\/div>\n\t\t\t\t<section class=\"elementor-section elementor-inner-section elementor-element elementor-element-92d84a9 elementor-section-boxed elementor-section-height-default elementor-section-height-default\" data-id=\"92d84a9\" data-element_type=\"section\" data-e-type=\"section\" data-settings=\"{&quot;jet_parallax_layout_list&quot;:[]}\">\n\t\t\t\t\t\t<div class=\"elementor-container elementor-column-gap-default\">\n\t\t\t\t\t<div class=\"elementor-column elementor-col-100 elementor-inner-column elementor-element elementor-element-063cb6e\" data-id=\"063cb6e\" data-element_type=\"column\" data-e-type=\"column\">\n\t\t\t<div class=\"elementor-widget-wrap elementor-element-populated\">\n\t\t\t\t\t\t<div class=\"elementor-element elementor-element-84d5314 elementor-widget elementor-widget-heading\" data-id=\"84d5314\" data-element_type=\"widget\" data-e-type=\"widget\" data-widget_type=\"heading.default\">\n\t\t\t\t<div class=\"elementor-widget-container\">\n\t\t\t\t\t<h3 class=\"elementor-heading-title elementor-size-default\">Digital uppdragshantering<\/h3>\t\t\t\t<\/div>\n\t\t\t\t<\/div>\n\t\t\t\t<div class=\"elementor-element elementor-element-045dd5d elementor-widget elementor-widget-text-editor\" data-id=\"045dd5d\" data-element_type=\"widget\" data-e-type=\"widget\" data-widget_type=\"text-editor.default\">\n\t\t\t\t<div class=\"elementor-widget-container\">\n\t\t\t\t\t\t\t\t\t<p><a href=\"https:\/\/www.regionvarmland.se\/regionvarmland\/om-regionen\/om-region-varmland\/organisation\/service-it-och-fastigheter\/regionservice#\">Region V\u00e4rmland<\/a> ansvarar f\u00f6r cirka 350 000 patientkontakter per \u00e5r och har omkring 4 000 medarbetare. Inom patienttransporter och intern logistik hanterar cirka 30 transport\u00f6rer omkring 150 000 uppdrag \u00e5rligen, inklusive transporter av patienter, prover, dokument och l\u00e4kemedel. I dag hanteras hela fl\u00f6det digitalt, fr\u00e5n best\u00e4llning till genomf\u00f6rande, uppf\u00f6ljning och rapportering.<\/p><p>\u2013 <em>Genom en central samordningsfunktion kan nu uppdrag f\u00f6rdelas automatiskt eller manuellt till tillg\u00e4ngliga resurser. Best\u00e4llare, koordinatorer och transport\u00f6rer kan kommunicera direkt kring uppdragen, vilket bidrar till snabbare genomf\u00f6rande och b\u00e4ttre samverkan mellan avdelningar, <\/em>forts\u00e4tter Anders Olsson.<\/p><p>F\u00f6r transport\u00f6rerna \u00e4r det digitala arbetss\u00e4ttet en del av det dagliga arbetet. Via mobiltelefonen tar de emot, accepterar och genomf\u00f6r uppdrag, samtidigt som de kan skicka och ta emot meddelanden kopplade till uppdrag och drift. \u00c5tkomsten \u00e4r rollbaserad och kopplad till Region V\u00e4rmlands Active Directory, vilket s\u00e4kerst\u00e4ller att varje medarbetare f\u00e5r tillg\u00e5ng till relevant information och relevanta uppdrag.<\/p>\t\t\t\t\t\t\t\t<\/div>\n\t\t\t\t<\/div>\n\t\t\t\t\t<\/div>\n\t\t<\/div>\n\t\t\t\t\t<\/div>\n\t\t<\/section>\n\t\t\t\t<section class=\"elementor-section elementor-inner-section elementor-element elementor-element-8d9362e elementor-section-boxed elementor-section-height-default elementor-section-height-default\" data-id=\"8d9362e\" data-element_type=\"section\" data-e-type=\"section\" data-settings=\"{&quot;jet_parallax_layout_list&quot;:[]}\">\n\t\t\t\t\t\t<div class=\"elementor-container elementor-column-gap-default\">\n\t\t\t\t\t<div class=\"elementor-column elementor-col-33 elementor-inner-column elementor-element elementor-element-935731d\" data-id=\"935731d\" data-element_type=\"column\" data-e-type=\"column\">\n\t\t\t<div class=\"elementor-widget-wrap elementor-element-populated\">\n\t\t\t\t\t\t<div class=\"elementor-element elementor-element-7aceb43 elementor-widget elementor-widget-heading\" data-id=\"7aceb43\" data-element_type=\"widget\" data-e-type=\"widget\" data-widget_type=\"heading.default\">\n\t\t\t\t<div class=\"elementor-widget-container\">\n\t\t\t\t\t<h3 class=\"elementor-heading-title elementor-size-default\">B\u00e4ttre \u00f6verblick, tydligare ansvar<\/h3>\t\t\t\t<\/div>\n\t\t\t\t<\/div>\n\t\t\t\t<div class=\"elementor-element elementor-element-13b59d7 elementor-widget elementor-widget-text-editor\" data-id=\"13b59d7\" data-element_type=\"widget\" data-e-type=\"widget\" data-widget_type=\"text-editor.default\">\n\t\t\t\t<div class=\"elementor-widget-container\">\n\t\t\t\t\t\t\t\t\t<p><em>\u2013 Det avg\u00f6rande \u00e4r att digitalisering st\u00f6djer v\u00e5rdens faktiska fl\u00f6den. N\u00e4r informationen finns tillg\u00e4nglig i realtid blir det l\u00e4ttare att samordna resurser, fatta beslut och skapa b\u00e4ttre f\u00f6ruts\u00e4ttningar f\u00f6r b\u00e5de medarbetare och patienter,<\/em> s\u00e4ger Bj\u00f8rn Olav Nyg\u00e5rd.<\/p>\t\t\t\t\t\t\t\t<\/div>\n\t\t\t\t<\/div>\n\t\t\t\t<div class=\"elementor-element elementor-element-9b76ab3 elementor-hidden-tablet elementor-widget elementor-widget-text-editor\" data-id=\"9b76ab3\" data-element_type=\"widget\" data-e-type=\"widget\" data-widget_type=\"text-editor.default\">\n\t\t\t\t<div class=\"elementor-widget-container\">\n\t\t\t\t\t\t\t\t\t<p>F\u00f6r Region V\u00e4rmland inneb\u00e4r digitaliseringen b\u00e4ttre \u00f6verblick, tydligare ansvarsf\u00f6rdelning och mer strukturerad uppf\u00f6ljning. F\u00f6r medarbetarna inneb\u00e4r det mindre friktion i det dagliga arbetet. F\u00f6r patienterna kan det bidra till smidigare fl\u00f6den genom v\u00e5rden.<\/p>\t\t\t\t\t\t\t\t<\/div>\n\t\t\t\t<\/div>\n\t\t\t\t\t<\/div>\n\t\t<\/div>\n\t\t\t\t<div class=\"elementor-column elementor-col-66 elementor-inner-column elementor-element elementor-element-9f69fd3\" data-id=\"9f69fd3\" data-element_type=\"column\" data-e-type=\"column\">\n\t\t\t<div class=\"elementor-widget-wrap elementor-element-populated\">\n\t\t\t\t\t\t<div class=\"elementor-element elementor-element-4d48470 elementor-widget elementor-widget-image\" data-id=\"4d48470\" data-element_type=\"widget\" data-e-type=\"widget\" data-widget_type=\"image.default\">\n\t\t\t\t<div class=\"elementor-widget-container\">\n\t\t\t\t\t\t\t\t\t\t\t\t\t\t\t<img decoding=\"async\" src=\"https:\/\/dnvimatis.com\/se\/wp-content\/uploads\/sites\/4\/elementor\/thumbs\/MZ7_5729-web-rsrf7xan1kgfecx1q631wr63fiy6nv3ajnnhkukj2g.jpg\" title=\"MZ7_5729-web\" alt=\"MZ7_5729-web\" loading=\"lazy\" \/>\t\t\t\t\t\t\t\t\t\t\t\t\t\t\t<\/div>\n\t\t\t\t<\/div>\n\t\t\t\t\t<\/div>\n\t\t<\/div>\n\t\t\t\t\t<\/div>\n\t\t<\/section>\n\t\t\t\t<section class=\"elementor-section elementor-inner-section elementor-element elementor-element-0cb5942 elementor-section-boxed elementor-section-height-default elementor-section-height-default\" data-id=\"0cb5942\" data-element_type=\"section\" data-e-type=\"section\" data-settings=\"{&quot;jet_parallax_layout_list&quot;:[]}\">\n\t\t\t\t\t\t<div class=\"elementor-container elementor-column-gap-default\">\n\t\t\t\t\t<div class=\"elementor-column elementor-col-100 elementor-inner-column elementor-element elementor-element-3ce6a98\" data-id=\"3ce6a98\" data-element_type=\"column\" data-e-type=\"column\">\n\t\t\t<div class=\"elementor-widget-wrap elementor-element-populated\">\n\t\t\t\t\t\t<div class=\"elementor-element elementor-element-37dad93 elementor-hidden-desktop elementor-widget elementor-widget-text-editor\" data-id=\"37dad93\" data-element_type=\"widget\" data-e-type=\"widget\" data-widget_type=\"text-editor.default\">\n\t\t\t\t<div class=\"elementor-widget-container\">\n\t\t\t\t\t\t\t\t\t<p>F\u00f6r Region V\u00e4rmland inneb\u00e4r digitaliseringen b\u00e4ttre \u00f6verblick, tydligare ansvarsf\u00f6rdelning och mer strukturerad uppf\u00f6ljning. F\u00f6r medarbetarna inneb\u00e4r det mindre friktion i det dagliga arbetet. F\u00f6r patienterna kan det bidra till smidigare fl\u00f6den genom v\u00e5rden.<\/p>\t\t\t\t\t\t\t\t<\/div>\n\t\t\t\t<\/div>\n\t\t\t\t<div class=\"elementor-element elementor-element-9fd778a elementor-widget elementor-widget-text-editor\" data-id=\"9fd778a\" data-element_type=\"widget\" data-e-type=\"widget\" data-widget_type=\"text-editor.default\">\n\t\t\t\t<div class=\"elementor-widget-container\">\n\t\t\t\t\t\t\t\t\t<p><em>\u2013 V\u00e5rt samarbete med Region V\u00e4rmland visar varf\u00f6r intern logistik inte bara \u00e4r en praktisk st\u00f6dfunktion. I en v\u00e5rd d\u00e4r varje resurs beh\u00f6ver anv\u00e4ndas klokt blir uppgiftsfl\u00f6den, kommunikation och realtids\u00f6verblick en del av verksamhetens f\u00f6rm\u00e5ga att leverera mot sina m\u00e5l,<\/em> avslutar Bj\u00f8rn Olav Nyg\u00e5rd.<\/p>\t\t\t\t\t\t\t\t<\/div>\n\t\t\t\t<\/div>\n\t\t\t\t\t<\/div>\n\t\t<\/div>\n\t\t\t\t\t<\/div>\n\t\t<\/section>\n\t\t\t\t\t<\/div>\n\t\t<\/div>\n\t\t\t\t\t<\/div>\n\t\t<\/section>\n\t\t\t\t<\/div>\n\t\t","protected":false},"excerpt":{"rendered":"<p>Digitala patienttransporter och intern logistik f\u00f6r att skapa b\u00e4ttre \u00f6verblick, tydligare ansvar och effektivare samordning. <\/p>\n","protected":false},"author":5,"featured_media":9404,"menu_order":0,"comment_status":"open","ping_status":"open","template":"elementor_header_footer","portfolio_category":[],"portfolio_tag":[],"class_list":["post-9339","portfolio","type-portfolio","status-publish","has-post-thumbnail","hentry"],"acf":[],"yoast_head":"<!-- This site is optimized with the Yoast SEO Premium plugin v23.9 (Yoast SEO v28.2) - https:\/\/yoast.com\/product\/yoast-seo-premium-wordpress\/ -->\n<title>Region V\u00e4rmland<\/title>\n<meta name=\"description\" content=\"Digitala patienttransporter och intern logistik skapar b\u00e4ttre samordning, tydligare ansvar och \u00f6kad \u00f6verblick i v\u00e5rdens vardag.\" \/>\n<meta name=\"robots\" content=\"index, follow, max-snippet:-1, max-image-preview:large, max-video-preview:-1\" \/>\n<link rel=\"canonical\" href=\"https:\/\/dnvimatis.com\/se\/portfolio\/region-varmland-bygger-bort-vardens-informationsglapp\/\" \/>\n<meta property=\"og:locale\" content=\"sv_SE\" \/>\n<meta property=\"og:type\" content=\"article\" \/>\n<meta property=\"og:title\" content=\"Region V\u00e4rmland\" \/>\n<meta property=\"og:description\" content=\"Digitala patienttransporter och intern logistik skapar b\u00e4ttre samordning, tydligare ansvar och \u00f6kad \u00f6verblick i v\u00e5rdens vardag.\" \/>\n<meta property=\"og:url\" content=\"https:\/\/dnvimatis.com\/se\/portfolio\/region-varmland-bygger-bort-vardens-informationsglapp\/\" \/>\n<meta property=\"og:site_name\" content=\"DNV Imatis.se\" \/>\n<meta property=\"article:modified_time\" content=\"2026-09-01T13:19:34+00:00\" \/>\n<meta property=\"og:image\" content=\"https:\/\/dnvimatis.com\/se\/wp-content\/uploads\/sites\/4\/2026\/09\/HMS08151small-picture.jpg\" \/>\n\t<meta property=\"og:image:width\" content=\"2048\" \/>\n\t<meta property=\"og:image:height\" content=\"1152\" \/>\n\t<meta property=\"og:image:type\" content=\"image\/jpeg\" \/>\n<meta name=\"twitter:card\" content=\"summary_large_image\" \/>\n<meta name=\"twitter:label1\" content=\"Ber\u00e4knad l\u00e4stid\" \/>\n\t<meta name=\"twitter:data1\" content=\"4 minuter\" \/>\n<script type=\"application\/ld+json\" class=\"yoast-schema-graph\">{\"@context\":\"https:\\\/\\\/schema.org\",\"@graph\":[{\"@type\":\"WebPage\",\"@id\":\"https:\\\/\\\/dnvimatis.com\\\/se\\\/portfolio\\\/region-varmland-bygger-bort-vardens-informationsglapp\\\/\",\"url\":\"https:\\\/\\\/dnvimatis.com\\\/se\\\/portfolio\\\/region-varmland-bygger-bort-vardens-informationsglapp\\\/\",\"name\":\"Region V\u00e4rmland\",\"isPartOf\":{\"@id\":\"https:\\\/\\\/dnvimatis.com\\\/se\\\/#website\"},\"primaryImageOfPage\":{\"@id\":\"https:\\\/\\\/dnvimatis.com\\\/se\\\/portfolio\\\/region-varmland-bygger-bort-vardens-informationsglapp\\\/#primaryimage\"},\"image\":{\"@id\":\"https:\\\/\\\/dnvimatis.com\\\/se\\\/portfolio\\\/region-varmland-bygger-bort-vardens-informationsglapp\\\/#primaryimage\"},\"thumbnailUrl\":\"https:\\\/\\\/dnvimatis.com\\\/se\\\/wp-content\\\/uploads\\\/sites\\\/4\\\/2026\\\/09\\\/HMS08151small-picture.jpg\",\"datePublished\":\"2026-09-01T11:26:22+00:00\",\"dateModified\":\"2026-09-01T13:19:34+00:00\",\"description\":\"Digitala patienttransporter och intern logistik skapar b\u00e4ttre samordning, tydligare ansvar och \u00f6kad \u00f6verblick i v\u00e5rdens vardag.\",\"breadcrumb\":{\"@id\":\"https:\\\/\\\/dnvimatis.com\\\/se\\\/portfolio\\\/region-varmland-bygger-bort-vardens-informationsglapp\\\/#breadcrumb\"},\"inLanguage\":\"sv-SE\",\"potentialAction\":[{\"@type\":\"ReadAction\",\"target\":[\"https:\\\/\\\/dnvimatis.com\\\/se\\\/portfolio\\\/region-varmland-bygger-bort-vardens-informationsglapp\\\/\"]}]},{\"@type\":\"ImageObject\",\"inLanguage\":\"sv-SE\",\"@id\":\"https:\\\/\\\/dnvimatis.com\\\/se\\\/portfolio\\\/region-varmland-bygger-bort-vardens-informationsglapp\\\/#primaryimage\",\"url\":\"https:\\\/\\\/dnvimatis.com\\\/se\\\/wp-content\\\/uploads\\\/sites\\\/4\\\/2026\\\/09\\\/HMS08151small-picture.jpg\",\"contentUrl\":\"https:\\\/\\\/dnvimatis.com\\\/se\\\/wp-content\\\/uploads\\\/sites\\\/4\\\/2026\\\/09\\\/HMS08151small-picture.jpg\",\"width\":2048,\"height\":1152,\"caption\":\"Patienttransport mellan v\u00e5rdavdelningar p\u00e5 sjukhus.\"},{\"@type\":\"BreadcrumbList\",\"@id\":\"https:\\\/\\\/dnvimatis.com\\\/se\\\/portfolio\\\/region-varmland-bygger-bort-vardens-informationsglapp\\\/#breadcrumb\",\"itemListElement\":[{\"@type\":\"ListItem\",\"position\":1,\"name\":\"Home\",\"item\":\"https:\\\/\\\/dnvimatis.com\\\/se\\\/\"},{\"@type\":\"ListItem\",\"position\":2,\"name\":\"Portfolios\",\"item\":\"https:\\\/\\\/dnvimatis.com\\\/se\\\/portfolio\\\/\"},{\"@type\":\"ListItem\",\"position\":3,\"name\":\"Region V\u00e4rmland\"}]},{\"@type\":\"WebSite\",\"@id\":\"https:\\\/\\\/dnvimatis.com\\\/se\\\/#website\",\"url\":\"https:\\\/\\\/dnvimatis.com\\\/se\\\/\",\"name\":\"DNV Imatis.se\",\"description\":\"A game changer in healthcare solutions\",\"publisher\":{\"@id\":\"https:\\\/\\\/dnvimatis.com\\\/se\\\/#organization\"},\"potentialAction\":[{\"@type\":\"SearchAction\",\"target\":{\"@type\":\"EntryPoint\",\"urlTemplate\":\"https:\\\/\\\/dnvimatis.com\\\/se\\\/?s={search_term_string}\"},\"query-input\":{\"@type\":\"PropertyValueSpecification\",\"valueRequired\":true,\"valueName\":\"search_term_string\"}}],\"inLanguage\":\"sv-SE\"},{\"@type\":\"Organization\",\"@id\":\"https:\\\/\\\/dnvimatis.com\\\/se\\\/#organization\",\"name\":\"DNV Imatis.se\",\"url\":\"https:\\\/\\\/dnvimatis.com\\\/se\\\/\",\"logo\":{\"@type\":\"ImageObject\",\"inLanguage\":\"sv-SE\",\"@id\":\"https:\\\/\\\/dnvimatis.com\\\/se\\\/#\\\/schema\\\/logo\\\/image\\\/\",\"url\":\"https:\\\/\\\/dnvimatis.com\\\/se\\\/wp-content\\\/uploads\\\/sites\\\/4\\\/2022\\\/02\\\/DNV-Imatis-logo_color-white_RGB.svg\",\"contentUrl\":\"https:\\\/\\\/dnvimatis.com\\\/se\\\/wp-content\\\/uploads\\\/sites\\\/4\\\/2022\\\/02\\\/DNV-Imatis-logo_color-white_RGB.svg\",\"width\":680,\"height\":100,\"caption\":\"DNV Imatis.se\"},\"image\":{\"@id\":\"https:\\\/\\\/dnvimatis.com\\\/se\\\/#\\\/schema\\\/logo\\\/image\\\/\"}}]}<\/script>\n<!-- \/ Yoast SEO Premium plugin. -->","yoast_head_json":{"title":"Region V\u00e4rmland","description":"Digitala patienttransporter och intern logistik skapar b\u00e4ttre samordning, tydligare ansvar och \u00f6kad \u00f6verblick i v\u00e5rdens vardag.","robots":{"index":"index","follow":"follow","max-snippet":"max-snippet:-1","max-image-preview":"max-image-preview:large","max-video-preview":"max-video-preview:-1"},"canonical":"https:\/\/dnvimatis.com\/se\/portfolio\/region-varmland-bygger-bort-vardens-informationsglapp\/","og_locale":"sv_SE","og_type":"article","og_title":"Region V\u00e4rmland","og_description":"Digitala patienttransporter och intern logistik skapar b\u00e4ttre samordning, tydligare ansvar och \u00f6kad \u00f6verblick i v\u00e5rdens vardag.","og_url":"https:\/\/dnvimatis.com\/se\/portfolio\/region-varmland-bygger-bort-vardens-informationsglapp\/","og_site_name":"DNV Imatis.se","article_modified_time":"2026-09-01T13:19:34+00:00","og_image":[{"width":2048,"height":1152,"url":"https:\/\/dnvimatis.com\/se\/wp-content\/uploads\/sites\/4\/2026\/09\/HMS08151small-picture.jpg","type":"image\/jpeg"}],"twitter_card":"summary_large_image","twitter_misc":{"Ber\u00e4knad l\u00e4stid":"4 minuter"},"schema":{"@context":"https:\/\/schema.org","@graph":[{"@type":"WebPage","@id":"https:\/\/dnvimatis.com\/se\/portfolio\/region-varmland-bygger-bort-vardens-informationsglapp\/","url":"https:\/\/dnvimatis.com\/se\/portfolio\/region-varmland-bygger-bort-vardens-informationsglapp\/","name":"Region V\u00e4rmland","isPartOf":{"@id":"https:\/\/dnvimatis.com\/se\/#website"},"primaryImageOfPage":{"@id":"https:\/\/dnvimatis.com\/se\/portfolio\/region-varmland-bygger-bort-vardens-informationsglapp\/#primaryimage"},"image":{"@id":"https:\/\/dnvimatis.com\/se\/portfolio\/region-varmland-bygger-bort-vardens-informationsglapp\/#primaryimage"},"thumbnailUrl":"https:\/\/dnvimatis.com\/se\/wp-content\/uploads\/sites\/4\/2026\/09\/HMS08151small-picture.jpg","datePublished":"2026-09-01T11:26:22+00:00","dateModified":"2026-09-01T13:19:34+00:00","description":"Digitala patienttransporter och intern logistik skapar b\u00e4ttre samordning, tydligare ansvar och \u00f6kad \u00f6verblick i v\u00e5rdens vardag.","breadcrumb":{"@id":"https:\/\/dnvimatis.com\/se\/portfolio\/region-varmland-bygger-bort-vardens-informationsglapp\/#breadcrumb"},"inLanguage":"sv-SE","potentialAction":[{"@type":"ReadAction","target":["https:\/\/dnvimatis.com\/se\/portfolio\/region-varmland-bygger-bort-vardens-informationsglapp\/"]}]},{"@type":"ImageObject","inLanguage":"sv-SE","@id":"https:\/\/dnvimatis.com\/se\/portfolio\/region-varmland-bygger-bort-vardens-informationsglapp\/#primaryimage","url":"https:\/\/dnvimatis.com\/se\/wp-content\/uploads\/sites\/4\/2026\/09\/HMS08151small-picture.jpg","contentUrl":"https:\/\/dnvimatis.com\/se\/wp-content\/uploads\/sites\/4\/2026\/09\/HMS08151small-picture.jpg","width":2048,"height":1152,"caption":"Patienttransport mellan v\u00e5rdavdelningar p\u00e5 sjukhus."},{"@type":"BreadcrumbList","@id":"https:\/\/dnvimatis.com\/se\/portfolio\/region-varmland-bygger-bort-vardens-informationsglapp\/#breadcrumb","itemListElement":[{"@type":"ListItem","position":1,"name":"Home","item":"https:\/\/dnvimatis.com\/se\/"},{"@type":"ListItem","position":2,"name":"Portfolios","item":"https:\/\/dnvimatis.com\/se\/portfolio\/"},{"@type":"ListItem","position":3,"name":"Region V\u00e4rmland"}]},{"@type":"WebSite","@id":"https:\/\/dnvimatis.com\/se\/#website","url":"https:\/\/dnvimatis.com\/se\/","name":"DNV Imatis.se","description":"A game changer in healthcare solutions","publisher":{"@id":"https:\/\/dnvimatis.com\/se\/#organization"},"potentialAction":[{"@type":"SearchAction","target":{"@type":"EntryPoint","urlTemplate":"https:\/\/dnvimatis.com\/se\/?s={search_term_string}"},"query-input":{"@type":"PropertyValueSpecification","valueRequired":true,"valueName":"search_term_string"}}],"inLanguage":"sv-SE"},{"@type":"Organization","@id":"https:\/\/dnvimatis.com\/se\/#organization","name":"DNV Imatis.se","url":"https:\/\/dnvimatis.com\/se\/","logo":{"@type":"ImageObject","inLanguage":"sv-SE","@id":"https:\/\/dnvimatis.com\/se\/#\/schema\/logo\/image\/","url":"https:\/\/dnvimatis.com\/se\/wp-content\/uploads\/sites\/4\/2022\/02\/DNV-Imatis-logo_color-white_RGB.svg","contentUrl":"https:\/\/dnvimatis.com\/se\/wp-content\/uploads\/sites\/4\/2022\/02\/DNV-Imatis-logo_color-white_RGB.svg","width":680,"height":100,"caption":"DNV Imatis.se"},"image":{"@id":"https:\/\/dnvimatis.com\/se\/#\/schema\/logo\/image\/"}}]}},"publishpress_future_workflow_manual_trigger":{"enabledWorkflows":[]},"_links":{"self":[{"href":"https:\/\/dnvimatis.com\/se\/wp-json\/wp\/v2\/portfolio\/9339","targetHints":{"allow":["GET"]}}],"collection":[{"href":"https:\/\/dnvimatis.com\/se\/wp-json\/wp\/v2\/portfolio"}],"about":[{"href":"https:\/\/dnvimatis.com\/se\/wp-json\/wp\/v2\/types\/portfolio"}],"author":[{"embeddable":true,"href":"https:\/\/dnvimatis.com\/se\/wp-json\/wp\/v2\/users\/5"}],"replies":[{"embeddable":true,"href":"https:\/\/dnvimatis.com\/se\/wp-json\/wp\/v2\/comments?post=9339"}],"version-history":[{"count":69,"href":"https:\/\/dnvimatis.com\/se\/wp-json\/wp\/v2\/portfolio\/9339\/revisions"}],"predecessor-version":[{"id":9427,"href":"https:\/\/dnvimatis.com\/se\/wp-json\/wp\/v2\/portfolio\/9339\/revisions\/9427"}],"wp:featuredmedia":[{"embeddable":true,"href":"https:\/\/dnvimatis.com\/se\/wp-json\/wp\/v2\/media\/9404"}],"wp:attachment":[{"href":"https:\/\/dnvimatis.com\/se\/wp-json\/wp\/v2\/media?parent=9339"}],"wp:term":[{"taxonomy":"portfolio_category","embeddable":true,"href":"https:\/\/dnvimatis.com\/se\/wp-json\/wp\/v2\/portfolio_category?post=9339"},{"taxonomy":"portfolio_tag","embeddable":true,"href":"https:\/\/dnvimatis.com\/se\/wp-json\/wp\/v2\/portfolio_tag?post=9339"}],"curies":[{"name":"wp","href":"https:\/\/api.w.org\/{rel}","templated":true}]}}